{"id":794,"date":"2018-07-19T21:58:22","date_gmt":"2018-07-19T19:58:22","guid":{"rendered":"http:\/\/www.suedcon.de\/wordpress\/?page_id=794"},"modified":"2018-07-19T22:01:15","modified_gmt":"2018-07-19T20:01:15","slug":"wildenstein-sommer-2018","status":"publish","type":"page","link":"https:\/\/www.suedcon.de\/wordpress\/wildenstein-sommer-2018\/","title":{"rendered":"Wildenstein Sommer 2018"},"content":{"rendered":"<div id=\"box-2\">\n<div>\n<p>Kleiner &#8222;Zwischenbericht&#8220; zum Stand der Baumassnahmen auf Burg Wildenstein:<\/p>\n<p>Ich war Ende Mai auf Burg Wildenstein und die Leute waren so nett sich f\u00fcr mich Zeit zu nehmen und mir einige umgebaute R\u00e4ume zu zeigen, soweit diese nicht belegt waren:<br \/>\nGenerell wurden div. Aussenarbeiten erledigt, z. B. das Dach des Rittersaales (mit einem ver\u00fcckten Bauger\u00fcst) oder ein Teil der Fliesen im Innenhof. Im Speisesaal wurde eine aufw\u00e4ndige Schutzverglasung der Wandgem\u00e4lde errichtet. Im ganzen Geb\u00e4ude erfolgte der Einbau vieler neuer Brandschutzt\u00fcren und verschiedene weitere Brandschutzmassnahmen, das war ja der eigentliche Ausl\u00f6ser des Umbaus.<br \/>\nIm Haupthaus wurden alle Zimmer recht sch\u00f6n saniert und neu eingerichtet, teilweise mit Dusche\/WC, teilweise mit Waschbecken. Es gibt im obersten Stockwerk zwei sch\u00f6ne &#8222;allgemeine&#8220; Duschen.<br \/>\nLeider hat es nicht mehr f\u00fcr die Sanierung der G\u00e4stezimmer in der Kommandantur und im Ostturm gereicht, das ist vorerst aufgeschoben. Die Gesamtzahl der Betten hat sich leicht verringert, der Speisesaal ist auch etwas enger geworden.<br \/>\nDraussen auf dem Parkplatz wurde ein Pavillon mit einer Ausstellung \u00fcber Luchse erstellt, damit sind es leider auch weniger Parkpl\u00e4tze. Hier ein paar Eindr\u00fccke:<\/p>\n\n\t\t<style type=\"text\/css\">\n\t\t\t#gallery-1 {\n\t\t\t\tmargin: auto;\n\t\t\t}\n\t\t\t#gallery-1 .gallery-item {\n\t\t\t\tfloat: left;\n\t\t\t\tmargin-top: 10px;\n\t\t\t\ttext-align: center;\n\t\t\t\twidth: 33%;\n\t\t\t}\n\t\t\t#gallery-1 img {\n\t\t\t\tborder: 2px solid #cfcfcf;\n\t\t\t}\n\t\t\t#gallery-1 .gallery-caption {\n\t\t\t\tmargin-left: 0;\n\t\t\t}\n\t\t\t\/* see gallery_shortcode() in wp-includes\/media.php *\/\n\t\t<\/style>\n\t\t<div id='gallery-1' class='gallery galleryid-794 gallery-columns-3 gallery-size-thumbnail'><dl class='gallery-item'>\n\t\t\t<dt class='gallery-icon portrait'>\n\t\t\t\t<a href='https:\/\/www.suedcon.de\/wordpress\/wp-content\/uploads\/2018\/07\/IMG_20180526_103253K.jpg'><img width=\"150\" height=\"150\" src=\"https:\/\/www.suedcon.de\/wordpress\/wp-content\/uploads\/2018\/07\/IMG_20180526_103253K-150x150.jpg\" class=\"attachment-thumbnail size-thumbnail\" alt=\"\" decoding=\"async\" loading=\"lazy\" \/><\/a>\n\t\t\t<\/dt><\/dl><dl class='gallery-item'>\n\t\t\t<dt class='gallery-icon landscape'>\n\t\t\t\t<a href='https:\/\/www.suedcon.de\/wordpress\/wp-content\/uploads\/2018\/07\/IMG_20180526_104155K.jpg'><img width=\"150\" height=\"150\" src=\"https:\/\/www.suedcon.de\/wordpress\/wp-content\/uploads\/2018\/07\/IMG_20180526_104155K-150x150.jpg\" class=\"attachment-thumbnail size-thumbnail\" alt=\"\" decoding=\"async\" loading=\"lazy\" \/><\/a>\n\t\t\t<\/dt><\/dl><dl class='gallery-item'>\n\t\t\t<dt class='gallery-icon landscape'>\n\t\t\t\t<a href='https:\/\/www.suedcon.de\/wordpress\/wp-content\/uploads\/2018\/07\/IMG_20180526_104315K.jpg'><img width=\"150\" height=\"150\" src=\"https:\/\/www.suedcon.de\/wordpress\/wp-content\/uploads\/2018\/07\/IMG_20180526_104315K-150x150.jpg\" class=\"attachment-thumbnail size-thumbnail\" alt=\"\" decoding=\"async\" loading=\"lazy\" \/><\/a>\n\t\t\t<\/dt><\/dl><br style=\"clear: both\" \/><dl class='gallery-item'>\n\t\t\t<dt class='gallery-icon landscape'>\n\t\t\t\t<a href='https:\/\/www.suedcon.de\/wordpress\/wp-content\/uploads\/2018\/07\/IMG_20180526_114619K.jpg'><img width=\"150\" height=\"150\" src=\"https:\/\/www.suedcon.de\/wordpress\/wp-content\/uploads\/2018\/07\/IMG_20180526_114619K-150x150.jpg\" class=\"attachment-thumbnail size-thumbnail\" alt=\"\" decoding=\"async\" loading=\"lazy\" \/><\/a>\n\t\t\t<\/dt><\/dl><dl class='gallery-item'>\n\t\t\t<dt class='gallery-icon landscape'>\n\t\t\t\t<a href='https:\/\/www.suedcon.de\/wordpress\/wp-content\/uploads\/2018\/07\/IMG_20180526_114625K.jpg'><img width=\"150\" height=\"150\" src=\"https:\/\/www.suedcon.de\/wordpress\/wp-content\/uploads\/2018\/07\/IMG_20180526_114625K-150x150.jpg\" class=\"attachment-thumbnail size-thumbnail\" alt=\"\" decoding=\"async\" loading=\"lazy\" \/><\/a>\n\t\t\t<\/dt><\/dl>\n\t\t\t<br style='clear: both' \/>\n\t\t<\/div>\n\n<p>&nbsp;<\/p>\n<\/div>\n<\/div>\n","protected":false},"excerpt":{"rendered":"<p>Kleiner &#8222;Zwischenbericht&#8220; zum Stand der Baumassnahmen auf Burg Wildenstein: Ich war Ende Mai auf Burg Wildenstein und die Leute waren so nett sich f\u00fcr mich Zeit zu nehmen und mir einige umgebaute R\u00e4ume zu zeigen, soweit diese nicht belegt waren: &hellip; <a href=\"https:\/\/www.suedcon.de\/wordpress\/wildenstein-sommer-2018\/\">Weiterlesen <span class=\"meta-nav\">&rarr;<\/span><\/a><\/p>\n","protected":false},"author":5,"featured_media":0,"parent":0,"menu_order":2,"comment_status":"closed","ping_status":"open","template":"","meta":[],"_links":{"self":[{"href":"https:\/\/www.suedcon.de\/wordpress\/wp-json\/wp\/v2\/pages\/794"}],"collection":[{"href":"https:\/\/www.suedcon.de\/wordpress\/wp-json\/wp\/v2\/pages"}],"about":[{"href":"https:\/\/www.suedcon.de\/wordpress\/wp-json\/wp\/v2\/types\/page"}],"author":[{"embeddable":true,"href":"https:\/\/www.suedcon.de\/wordpress\/wp-json\/wp\/v2\/users\/5"}],"replies":[{"embeddable":true,"href":"https:\/\/www.suedcon.de\/wordpress\/wp-json\/wp\/v2\/comments?post=794"}],"version-history":[{"count":5,"href":"https:\/\/www.suedcon.de\/wordpress\/wp-json\/wp\/v2\/pages\/794\/revisions"}],"predecessor-version":[{"id":802,"href":"https:\/\/www.suedcon.de\/wordpress\/wp-json\/wp\/v2\/pages\/794\/revisions\/802"}],"wp:attachment":[{"href":"https:\/\/www.suedcon.de\/wordpress\/wp-json\/wp\/v2\/media?parent=794"}],"curies":[{"name":"wp","href":"https:\/\/api.w.org\/{rel}","templated":true}]}}